{"id":1057,"date":"2019-06-05T13:04:38","date_gmt":"2019-06-05T13:04:38","guid":{"rendered":"https:\/\/www.ggs-richterich.de\/?page_id=1057"},"modified":"2022-06-23T07:03:56","modified_gmt":"2022-06-23T07:03:56","slug":"katastrophenschutz","status":"publish","type":"page","link":"https:\/\/www.ggs-richterich.de\/index.php\/katastrophenschutz\/","title":{"rendered":"Katastrophenschutz"},"content":{"rendered":"\n<p>\nLiebe\nEltern,<\/p>\n\n\n\n<p> zun\u00e4chst einmal m\u00f6chte ich mich f\u00fcr die rege Teilnahme und das gro\u00dfe Interesse an unserem Elternabend zum Thema Katastrophenschutz am 3.6. 2019 bei Ihnen bedanken und hoffe, dass durch Herrn Goffart einige offene Fragen gekl\u00e4rt werden konnten.  <\/p>\n\n\n\n<p>\nZusammenfassend\nm\u00f6chte ich kurz nochmals die Kernaussagen des Abends darlegen: \n<\/p>\n\n\n\n<ol class=\"wp-block-list\"><li> Eine Katastrophe ist eine unvorhersehbare, meist l\u00e4nger andauernde und gro\u00dfr\u00e4umige Schadenlage (z.B. Erdbeben, langfristiger Stromausfall, Reaktorunfall). In einem solchen Fall wird unsere Infrastruktur (Stra\u00dfenverkehr, Telefonnetze, t\u00e4glicher Einkauf) zusammenbrechen.  <\/li><li> Es gibt nicht <strong>die Katastrophe<\/strong>, deswegen k\u00f6nnen wir uns nicht auf jeden Schadensfall vorbereiten, bzw. <strong>das Katastrophenschutzkonzept<\/strong> entwickeln.  <\/li><li> Falls die Schule ger\u00e4umt werden muss, ist die einzige Vorbereitungsm\u00f6glichkeit der <strong>Eltern f\u00fcr ihr Schulkind<\/strong>, sich durch <strong>Abholketten<\/strong> zu vernetzen.     (<strong>5-er Abholketten<\/strong> wurden empfohlen, die Ketten sollten nicht kleiner 4 sein!!) <\/li><li> Bitte vernetzen Sie sich <strong>wohnortnah<\/strong> und ggf. <strong>klassen\u00fcbergreifend. <\/strong>Notieren Sie f\u00fcr sich und Ihr Kind, mit wem Ihr Kind in der Katastrophenlage mitgehen soll. Das bedeutet diese vier bis sechs Kinder stehen <strong>gegenseitig<\/strong> auf diesen Listen.  <\/li><li> Geben Sie Ihrem Kind eine Liste <strong>zum Abgeben in die Schule<\/strong> mit, eine weitere z. B. in der <strong>Postmappe Ihres Kindes<\/strong> und eine weitere <strong>behalten Sie zu Hause<\/strong>. <\/li><li> Wichtig ist, dass <strong>alle Eltern<\/strong> sich an die vorgesehenen Abholketten halten und <strong>Ihre Kinder genau Bescheid wissen<\/strong>, nur so k\u00f6nnen sie funktionieren.  <\/li><\/ol>\n\n\n\n<p>\nWir\nwerden zuk\u00fcnftig auf jedem 1. Elternabend des neuen Schuljahres an\ndie Abholketten erinnern. \n<\/p>\n\n\n\n<p> Bitte laden Sie sich gerne den  <strong>Vordruck f\u00fcr unsere Listen der Abholkette<\/strong> hier runter: <\/p>\n\n\n\n<div class=\"wp-block-file\"><a href=\"https:\/\/www.ggs-richterich.de\/wp-content\/uploads\/2019\/06\/Abholkette.pdf\">Abholkette<\/a><a href=\"https:\/\/www.ggs-richterich.de\/wp-content\/uploads\/2019\/06\/Abholkette.pdf\" class=\"wp-block-file__button\" download>Herunterladen<\/a><\/div>\n\n\n\n<p>Falls Sie noch weitere Fragen haben, w\u00e4re es sch\u00f6n, wenn Sie sich mit Eltern, die den Elternabend besucht haben, austauschen k\u00f6nnten oder beim n\u00e4chsten Elternabend nachfragen.  <\/p>\n\n\n\n<p>Abschlie\u00dfend noch eine Bitte:  Achten Sie stets darauf, dass Ihre <strong>Notfallnummern in der Schule aktuell sind<\/strong>!<\/p>\n\n\n\n<p><\/p>\n\n\n\n<p> <\/p>\n\n\n\n<p> Es gr\u00fc\u00dft Sie herzlich, Claudia von den Hoff, Schulleiterin<\/p>\n\n\n\n<p><\/p>\n\n\n\n<p><\/p>\n\n\n\n<p> <\/p>\n","protected":false},"excerpt":{"rendered":"<p>Liebe Eltern, zun\u00e4chst einmal m\u00f6chte ich mich f\u00fcr die rege Teilnahme und das gro\u00dfe Interesse an unserem Elternabend zum Thema Katastrophenschutz am 3.6. 2019 bei Ihnen bedanken und hoffe, dass durch Herrn Goffart einige offene Fragen gekl\u00e4rt werden konnten. Zusammenfassend m\u00f6chte ich kurz nochmals die Kernaussagen des Abends darlegen: Eine Katastrophe ist eine unvorhersehbare, meist [&hellip;]<\/p>\n","protected":false},"author":3,"featured_media":0,"parent":0,"menu_order":0,"comment_status":"closed","ping_status":"closed","template":"","meta":{"footnotes":""},"class_list":["post-1057","page","type-page","status-publish","hentry"],"_links":{"self":[{"href":"https:\/\/www.ggs-richterich.de\/index.php\/wp-json\/wp\/v2\/pages\/1057","targetHints":{"allow":["GET"]}}],"collection":[{"href":"https:\/\/www.ggs-richterich.de\/index.php\/wp-json\/wp\/v2\/pages"}],"about":[{"href":"https:\/\/www.ggs-richterich.de\/index.php\/wp-json\/wp\/v2\/types\/page"}],"author":[{"embeddable":true,"href":"https:\/\/www.ggs-richterich.de\/index.php\/wp-json\/wp\/v2\/users\/3"}],"replies":[{"embeddable":true,"href":"https:\/\/www.ggs-richterich.de\/index.php\/wp-json\/wp\/v2\/comments?post=1057"}],"version-history":[{"count":9,"href":"https:\/\/www.ggs-richterich.de\/index.php\/wp-json\/wp\/v2\/pages\/1057\/revisions"}],"predecessor-version":[{"id":2987,"href":"https:\/\/www.ggs-richterich.de\/index.php\/wp-json\/wp\/v2\/pages\/1057\/revisions\/2987"}],"wp:attachment":[{"href":"https:\/\/www.ggs-richterich.de\/index.php\/wp-json\/wp\/v2\/media?parent=1057"}],"curies":[{"name":"wp","href":"https:\/\/api.w.org\/{rel}","templated":true}]}}